{"version":"1.0","provider_name":"Manner","provider_url":"https:\/\/www.manner.fi\/de\/","author_name":"doop","author_url":"https:\/\/www.manner.fi\/de\/author\/doop\/","title":"\u00d6ffnungszeiten in den Sommerferien - Manner","type":"rich","width":600,"height":338,"html":"<blockquote class=\"wp-embedded-content\" data-secret=\"ttJAiLVJUC\"><a href=\"https:\/\/www.manner.fi\/de\/nachrichten\/oeffnungszeiten-in-den-sommerferien\/\">\u00d6ffnungszeiten in den Sommerferien<\/a><\/blockquote><iframe sandbox=\"allow-scripts\" security=\"restricted\" src=\"https:\/\/www.manner.fi\/de\/nachrichten\/oeffnungszeiten-in-den-sommerferien\/embed\/#?secret=ttJAiLVJUC\" width=\"600\" height=\"338\" title=\"&#8222;\u00d6ffnungszeiten in den Sommerferien&#8220; &#8212; Manner\" data-secret=\"ttJAiLVJUC\" frameborder=\"0\" marginwidth=\"0\" marginheight=\"0\" scrolling=\"no\" class=\"wp-embedded-content\"><\/iframe><script type=\"text\/javascript\">\n\/* <![CDATA[ *\/\n\/*! This file is auto-generated *\/\n!function(d,l){\"use strict\";l.querySelector&&d.addEventListener&&\"undefined\"!=typeof URL&&(d.wp=d.wp||{},d.wp.receiveEmbedMessage||(d.wp.receiveEmbedMessage=function(e){var t=e.data;if((t||t.secret||t.message||t.value)&&!\/[^a-zA-Z0-9]\/.test(t.secret)){for(var s,r,n,a=l.querySelectorAll('iframe[data-secret=\"'+t.secret+'\"]'),o=l.querySelectorAll('blockquote[data-secret=\"'+t.secret+'\"]'),c=new RegExp(\"^https?:$\",\"i\"),i=0;i<o.length;i++)o[i].style.display=\"none\";for(i=0;i<a.length;i++)s=a[i],e.source===s.contentWindow&&(s.removeAttribute(\"style\"),\"height\"===t.message?(1e3<(r=parseInt(t.value,10))?r=1e3:~~r<200&&(r=200),s.height=r):\"link\"===t.message&&(r=new URL(s.getAttribute(\"src\")),n=new URL(t.value),c.test(n.protocol))&&n.host===r.host&&l.activeElement===s&&(d.top.location.href=t.value))}},d.addEventListener(\"message\",d.wp.receiveEmbedMessage,!1),l.addEventListener(\"DOMContentLoaded\",function(){for(var e,t,s=l.querySelectorAll(\"iframe.wp-embedded-content\"),r=0;r<s.length;r++)(t=(e=s[r]).getAttribute(\"data-secret\"))||(t=Math.random().toString(36).substring(2,12),e.src+=\"#?secret=\"+t,e.setAttribute(\"data-secret\",t)),e.contentWindow.postMessage({message:\"ready\",secret:t},\"*\")},!1)))}(window,document);\n\/\/# sourceURL=https:\/\/www.manner.fi\/wp-includes\/js\/wp-embed.min.js\n\/* ]]> *\/\n<\/script>\n","thumbnail_url":"https:\/\/www.manner.fi\/wp-content\/uploads\/2020\/01\/shutterstock_1132867904-scaled.jpg","thumbnail_width":2560,"thumbnail_height":1440,"description":"Da die Sommerferienzeit 2024 n\u00e4her r\u00fcckt, m\u00f6chten wir Ihnen unsere \u00d6ffnungszeiten f\u00fcr den kommenden Sommer mitteilen, damit Sie Ihre Bestellungen entsprechend planen k\u00f6nnen. Die Fabrik und das Lager von Manner sind vom 8. Juli bis 2. August 2024 geschlossen. Unser Verkaufsteam steht Ihnen jedoch w\u00e4hrend der gesamten Sommerferienzeit zur Verf\u00fcgung. Wir empfehlen Ihnen, unsere \u00d6ffnungszeiten [&hellip;]"}