{"version":"1.0","provider_name":"Manner","provider_url":"https:\/\/www.manner.fi\/de\/","author_name":"doop","author_url":"https:\/\/www.manner.fi\/de\/author\/doop\/","title":"Manner \u00d6ffnungszeiten w\u00e4hrend der Sommerferien - Manner","type":"rich","width":600,"height":338,"html":"<blockquote class=\"wp-embedded-content\" data-secret=\"pcraBYPJvO\"><a href=\"https:\/\/www.manner.fi\/de\/nachrichten\/manner-oeffnungszeiten-waehrend-der-sommerferien\/\">Manner \u00d6ffnungszeiten w\u00e4hrend der Sommerferien<\/a><\/blockquote><iframe sandbox=\"allow-scripts\" security=\"restricted\" src=\"https:\/\/www.manner.fi\/de\/nachrichten\/manner-oeffnungszeiten-waehrend-der-sommerferien\/embed\/#?secret=pcraBYPJvO\" width=\"600\" height=\"338\" title=\"&#8222;Manner \u00d6ffnungszeiten w\u00e4hrend der Sommerferien&#8220; &#8212; Manner\" data-secret=\"pcraBYPJvO\" frameborder=\"0\" marginwidth=\"0\" marginheight=\"0\" scrolling=\"no\" class=\"wp-embedded-content\"><\/iframe><script type=\"text\/javascript\">\n\/* <![CDATA[ *\/\n\/*! This file is auto-generated *\/\n!function(d,l){\"use strict\";l.querySelector&&d.addEventListener&&\"undefined\"!=typeof URL&&(d.wp=d.wp||{},d.wp.receiveEmbedMessage||(d.wp.receiveEmbedMessage=function(e){var t=e.data;if((t||t.secret||t.message||t.value)&&!\/[^a-zA-Z0-9]\/.test(t.secret)){for(var s,r,n,a=l.querySelectorAll('iframe[data-secret=\"'+t.secret+'\"]'),o=l.querySelectorAll('blockquote[data-secret=\"'+t.secret+'\"]'),c=new RegExp(\"^https?:$\",\"i\"),i=0;i<o.length;i++)o[i].style.display=\"none\";for(i=0;i<a.length;i++)s=a[i],e.source===s.contentWindow&&(s.removeAttribute(\"style\"),\"height\"===t.message?(1e3<(r=parseInt(t.value,10))?r=1e3:~~r<200&&(r=200),s.height=r):\"link\"===t.message&&(r=new URL(s.getAttribute(\"src\")),n=new URL(t.value),c.test(n.protocol))&&n.host===r.host&&l.activeElement===s&&(d.top.location.href=t.value))}},d.addEventListener(\"message\",d.wp.receiveEmbedMessage,!1),l.addEventListener(\"DOMContentLoaded\",function(){for(var e,t,s=l.querySelectorAll(\"iframe.wp-embedded-content\"),r=0;r<s.length;r++)(t=(e=s[r]).getAttribute(\"data-secret\"))||(t=Math.random().toString(36).substring(2,12),e.src+=\"#?secret=\"+t,e.setAttribute(\"data-secret\",t)),e.contentWindow.postMessage({message:\"ready\",secret:t},\"*\")},!1)))}(window,document);\n\/\/# sourceURL=https:\/\/www.manner.fi\/wp-includes\/js\/wp-embed.min.js\n\/* ]]> *\/\n<\/script>\n","description":"Manner \u00d6ffnungszeiten w\u00e4hrend der Sommerferien Bitte beachten Sie, da\u00df aufgrund der Sommerferien unsere Fabrik zwischen dem 11. Juli und dem 07. August geschlossen ist. Ein Versand in dieser Zeit ist nicht m\u00f6glich, unser Verkauf ist jedoch auch in dieser Zeit erreichbar. Bitte beachten Sie auch, da\u00df wir vom 26.\u201327.05. geschlossen haben. Wir w\u00fcnschen Ihnen sch\u00f6ne [&hellip;]","thumbnail_url":"https:\/\/www.manner.fi\/wp-content\/uploads\/2022\/05\/manner_uutiskirjepohja_hero_kesa2022__600x400.jpg"}